{"id":537,"date":"2025-02-08T15:30:56","date_gmt":"2025-02-08T14:30:56","guid":{"rendered":"http:\/\/elvinalemauff.fr\/?page_id=537"},"modified":"2025-04-04T19:21:52","modified_gmt":"2025-04-04T17:21:52","slug":"architecture","status":"publish","type":"page","link":"http:\/\/elvinalemauff.fr\/index.php\/architecture\/","title":{"rendered":"Architecture"},"content":{"rendered":"\t\t<div data-elementor-type=\"wp-page\" data-elementor-id=\"537\" class=\"elementor elementor-537\">\n\t\t\t\t<div class=\"elementor-element elementor-element-4cc6216 e-flex e-con-boxed e-con e-parent\" data-id=\"4cc6216\" data-element_type=\"container\" data-e-type=\"container\">\n\t\t\t\t\t<div class=\"e-con-inner\">\n\t\t\t\t<div class=\"elementor-element elementor-element-f99729f elementor-widget elementor-widget-image-gallery\" data-id=\"f99729f\" data-element_type=\"widget\" data-e-type=\"widget\" data-widget_type=\"image-gallery.default\">\n\t\t\t\t<div class=\"elementor-widget-container\">\n\t\t\t\t\t\t\t<div class=\"elementor-image-gallery\">\n\t\t\t<div id='gallery-1' class='gallery galleryid-537 gallery-columns-4 gallery-size-medium'><figure class='gallery-item'>\n\t\t\t<div class='gallery-icon portrait'>\n\t\t\t\t<a data-elementor-open-lightbox=\"yes\" data-elementor-lightbox-slideshow=\"f99729f\" data-elementor-lightbox-title=\"Ch\u00e2teau de Chambord\" data-e-action-hash=\"#elementor-action%3Aaction%3Dlightbox%26settings%3DeyJpZCI6MzUzLCJ1cmwiOiJodHRwOlwvXC9lbHZpbmFsZW1hdWZmLmZyXC93cC1jb250ZW50XC91cGxvYWRzXC8yMDI1XC8wMlwvMjAyMzA3MThfMTU1ODUzLXNjYWxlZC5qcGciLCJzbGlkZXNob3ciOiJmOTk3MjlmIn0%3D\" href='http:\/\/elvinalemauff.fr\/wp-content\/uploads\/2025\/02\/20230718_155853-scaled.jpg' title=\"\" data-rl_title=\"\" class=\"rl-gallery-link\" data-rl_caption=\"\" data-rel=\"lightbox-gallery-1\"><img fetchpriority=\"high\" decoding=\"async\" width=\"169\" height=\"300\" src=\"http:\/\/elvinalemauff.fr\/wp-content\/uploads\/2025\/02\/20230718_155853-169x300.jpg\" class=\"attachment-medium size-medium\" alt=\"\" aria-describedby=\"gallery-1-353\" srcset=\"http:\/\/elvinalemauff.fr\/wp-content\/uploads\/2025\/02\/20230718_155853-169x300.jpg 169w, http:\/\/elvinalemauff.fr\/wp-content\/uploads\/2025\/02\/20230718_155853-576x1024.jpg 576w, http:\/\/elvinalemauff.fr\/wp-content\/uploads\/2025\/02\/20230718_155853-768x1365.jpg 768w, http:\/\/elvinalemauff.fr\/wp-content\/uploads\/2025\/02\/20230718_155853-864x1536.jpg 864w, http:\/\/elvinalemauff.fr\/wp-content\/uploads\/2025\/02\/20230718_155853-1152x2048.jpg 1152w, http:\/\/elvinalemauff.fr\/wp-content\/uploads\/2025\/02\/20230718_155853-scaled.jpg 1440w\" sizes=\"(max-width: 169px) 100vw, 169px\" \/><\/a>\n\t\t\t<\/div>\n\t\t\t\t<figcaption class='wp-caption-text gallery-caption' id='gallery-1-353'>\n\t\t\t\tCh\u00e2teau de Chambord\n\t\t\t\t<\/figcaption><\/figure><figure class='gallery-item'>\n\t\t\t<div class='gallery-icon portrait'>\n\t\t\t\t<a data-elementor-open-lightbox=\"yes\" data-elementor-lightbox-slideshow=\"f99729f\" data-elementor-lightbox-title=\"Stavkirke de Heddal\" data-e-action-hash=\"#elementor-action%3Aaction%3Dlightbox%26settings%3DeyJpZCI6MTM5LCJ1cmwiOiJodHRwOlwvXC9lbHZpbmFsZW1hdWZmLmZyXC93cC1jb250ZW50XC91cGxvYWRzXC8yMDI1XC8wMlwvcGljc2FydF8yNS0wMi0wMl8xMS0yMC00OS03NzU3MzQ0OTgzMzgxMjQ4OTY4MDI0LmpwZyIsInNsaWRlc2hvdyI6ImY5OTcyOWYifQ%3D%3D\" href='http:\/\/elvinalemauff.fr\/wp-content\/uploads\/2025\/02\/picsart_25-02-02_11-20-49-7757344983381248968024.jpg' title=\"\" data-rl_title=\"\" class=\"rl-gallery-link\" data-rl_caption=\"\" data-rel=\"lightbox-gallery-1\"><img decoding=\"async\" width=\"235\" height=\"300\" src=\"http:\/\/elvinalemauff.fr\/wp-content\/uploads\/2025\/02\/picsart_25-02-02_11-20-49-7757344983381248968024-235x300.jpg\" class=\"attachment-medium size-medium\" alt=\"\" aria-describedby=\"gallery-1-139\" srcset=\"http:\/\/elvinalemauff.fr\/wp-content\/uploads\/2025\/02\/picsart_25-02-02_11-20-49-7757344983381248968024-235x300.jpg 235w, http:\/\/elvinalemauff.fr\/wp-content\/uploads\/2025\/02\/picsart_25-02-02_11-20-49-7757344983381248968024-802x1024.jpg 802w, http:\/\/elvinalemauff.fr\/wp-content\/uploads\/2025\/02\/picsart_25-02-02_11-20-49-7757344983381248968024-768x981.jpg 768w, http:\/\/elvinalemauff.fr\/wp-content\/uploads\/2025\/02\/picsart_25-02-02_11-20-49-7757344983381248968024.jpg 1080w\" sizes=\"(max-width: 235px) 100vw, 235px\" \/><\/a>\n\t\t\t<\/div>\n\t\t\t\t<figcaption class='wp-caption-text gallery-caption' id='gallery-1-139'>\n\t\t\t\tStavkirke de Heddal\n\t\t\t\t<\/figcaption><\/figure><figure class='gallery-item'>\n\t\t\t<div class='gallery-icon portrait'>\n\t\t\t\t<a data-elementor-open-lightbox=\"yes\" data-elementor-lightbox-slideshow=\"f99729f\" data-elementor-lightbox-title=\"Sacr\u00e9-c\u0153ur\" data-e-action-hash=\"#elementor-action%3Aaction%3Dlightbox%26settings%3DeyJpZCI6MTY3MCwidXJsIjoiaHR0cDpcL1wvZWx2aW5hbGVtYXVmZi5mclwvd3AtY29udGVudFwvdXBsb2Fkc1wvMjAyNVwvMDJcL1NhY3JlLWNvZXVyLTEtMi1zY2FsZWQuanBnIiwic2xpZGVzaG93IjoiZjk5NzI5ZiJ9\" href='http:\/\/elvinalemauff.fr\/wp-content\/uploads\/2025\/02\/Sacre-coeur-1-2-scaled.jpg' title=\"\" data-rl_title=\"\" class=\"rl-gallery-link\" data-rl_caption=\"\" data-rel=\"lightbox-gallery-1\"><img decoding=\"async\" width=\"178\" height=\"300\" src=\"http:\/\/elvinalemauff.fr\/wp-content\/uploads\/2025\/02\/Sacre-coeur-1-2-178x300.jpg\" class=\"attachment-medium size-medium\" alt=\"\" aria-describedby=\"gallery-1-1670\" srcset=\"http:\/\/elvinalemauff.fr\/wp-content\/uploads\/2025\/02\/Sacre-coeur-1-2-178x300.jpg 178w, http:\/\/elvinalemauff.fr\/wp-content\/uploads\/2025\/02\/Sacre-coeur-1-2-607x1024.jpg 607w, http:\/\/elvinalemauff.fr\/wp-content\/uploads\/2025\/02\/Sacre-coeur-1-2-768x1296.jpg 768w, http:\/\/elvinalemauff.fr\/wp-content\/uploads\/2025\/02\/Sacre-coeur-1-2-910x1536.jpg 910w, http:\/\/elvinalemauff.fr\/wp-content\/uploads\/2025\/02\/Sacre-coeur-1-2-1213x2048.jpg 1213w, http:\/\/elvinalemauff.fr\/wp-content\/uploads\/2025\/02\/Sacre-coeur-1-2-scaled.jpg 1517w\" sizes=\"(max-width: 178px) 100vw, 178px\" \/><\/a>\n\t\t\t<\/div>\n\t\t\t\t<figcaption class='wp-caption-text gallery-caption' id='gallery-1-1670'>\n\t\t\t\tSacr\u00e9-c\u0153ur\n\t\t\t\t<\/figcaption><\/figure><figure class='gallery-item'>\n\t\t\t<div class='gallery-icon landscape'>\n\t\t\t\t<a data-elementor-open-lightbox=\"yes\" data-elementor-lightbox-slideshow=\"f99729f\" data-elementor-lightbox-title=\"Gizeh-253\" data-e-action-hash=\"#elementor-action%3Aaction%3Dlightbox%26settings%3DeyJpZCI6MTY2NywidXJsIjoiaHR0cDpcL1wvZWx2aW5hbGVtYXVmZi5mclwvd3AtY29udGVudFwvdXBsb2Fkc1wvMjAyNVwvMDJcL0dpemVoLTI1My5qcGciLCJzbGlkZXNob3ciOiJmOTk3MjlmIn0%3D\" href='http:\/\/elvinalemauff.fr\/wp-content\/uploads\/2025\/02\/Gizeh-253.jpg' title=\"\" data-rl_title=\"\" class=\"rl-gallery-link\" data-rl_caption=\"\" data-rel=\"lightbox-gallery-1\"><img loading=\"lazy\" decoding=\"async\" width=\"300\" height=\"225\" src=\"http:\/\/elvinalemauff.fr\/wp-content\/uploads\/2025\/02\/Gizeh-253-300x225.jpg\" class=\"attachment-medium size-medium\" alt=\"\" aria-describedby=\"gallery-1-1667\" srcset=\"http:\/\/elvinalemauff.fr\/wp-content\/uploads\/2025\/02\/Gizeh-253-300x225.jpg 300w, http:\/\/elvinalemauff.fr\/wp-content\/uploads\/2025\/02\/Gizeh-253-1024x768.jpg 1024w, http:\/\/elvinalemauff.fr\/wp-content\/uploads\/2025\/02\/Gizeh-253-768x576.jpg 768w, http:\/\/elvinalemauff.fr\/wp-content\/uploads\/2025\/02\/Gizeh-253-1536x1152.jpg 1536w, http:\/\/elvinalemauff.fr\/wp-content\/uploads\/2025\/02\/Gizeh-253.jpg 2048w\" sizes=\"(max-width: 300px) 100vw, 300px\" \/><\/a>\n\t\t\t<\/div>\n\t\t\t\t<figcaption class='wp-caption-text gallery-caption' id='gallery-1-1667'>\n\t\t\t\tGizeh\n\t\t\t\t<\/figcaption><\/figure><figure class='gallery-item'>\n\t\t\t<div class='gallery-icon portrait'>\n\t\t\t\t<a data-elementor-open-lightbox=\"yes\" data-elementor-lightbox-slideshow=\"f99729f\" data-elementor-lightbox-title=\"Pont de Saint-Nazaire2\" data-e-action-hash=\"#elementor-action%3Aaction%3Dlightbox%26settings%3DeyJpZCI6MTQwLCJ1cmwiOiJodHRwOlwvXC9lbHZpbmFsZW1hdWZmLmZyXC93cC1jb250ZW50XC91cGxvYWRzXC8yMDI1XC8wMlwvcGljc2FydF8yNS0wMi0wMl8xMS0xOC0wNi03OTM3MDQzMDcxMzI3NjU4MTY1NjIuanBnIiwic2xpZGVzaG93IjoiZjk5NzI5ZiJ9\" href='http:\/\/elvinalemauff.fr\/wp-content\/uploads\/2025\/02\/picsart_25-02-02_11-18-06-793704307132765816562.jpg' title=\"\" data-rl_title=\"\" class=\"rl-gallery-link\" data-rl_caption=\"\" data-rel=\"lightbox-gallery-1\"><img loading=\"lazy\" decoding=\"async\" width=\"200\" height=\"300\" src=\"http:\/\/elvinalemauff.fr\/wp-content\/uploads\/2025\/02\/picsart_25-02-02_11-18-06-793704307132765816562-200x300.jpg\" class=\"attachment-medium size-medium\" alt=\"\" aria-describedby=\"gallery-1-140\" srcset=\"http:\/\/elvinalemauff.fr\/wp-content\/uploads\/2025\/02\/picsart_25-02-02_11-18-06-793704307132765816562-200x300.jpg 200w, http:\/\/elvinalemauff.fr\/wp-content\/uploads\/2025\/02\/picsart_25-02-02_11-18-06-793704307132765816562-683x1024.jpg 683w, http:\/\/elvinalemauff.fr\/wp-content\/uploads\/2025\/02\/picsart_25-02-02_11-18-06-793704307132765816562-768x1151.jpg 768w, http:\/\/elvinalemauff.fr\/wp-content\/uploads\/2025\/02\/picsart_25-02-02_11-18-06-793704307132765816562-1025x1536.jpg 1025w, http:\/\/elvinalemauff.fr\/wp-content\/uploads\/2025\/02\/picsart_25-02-02_11-18-06-793704307132765816562.jpg 1334w\" sizes=\"(max-width: 200px) 100vw, 200px\" \/><\/a>\n\t\t\t<\/div>\n\t\t\t\t<figcaption class='wp-caption-text gallery-caption' id='gallery-1-140'>\n\t\t\t\tPont de Saint-Nazaire\n\t\t\t\t<\/figcaption><\/figure><figure class='gallery-item'>\n\t\t\t<div class='gallery-icon landscape'>\n\t\t\t\t<a data-elementor-open-lightbox=\"yes\" data-elementor-lightbox-slideshow=\"f99729f\" data-elementor-lightbox-title=\"Pont de Saint-Nazaire\" data-e-action-hash=\"#elementor-action%3Aaction%3Dlightbox%26settings%3DeyJpZCI6MTQxLCJ1cmwiOiJodHRwOlwvXC9lbHZpbmFsZW1hdWZmLmZyXC93cC1jb250ZW50XC91cGxvYWRzXC8yMDI1XC8wMlwvcGljc2FydF8yNS0wMi0wMl8xMS0xNy0xNy05MDg2MTI3NDgwMTc0NDQwMDYxOTEuanBnIiwic2xpZGVzaG93IjoiZjk5NzI5ZiJ9\" href='http:\/\/elvinalemauff.fr\/wp-content\/uploads\/2025\/02\/picsart_25-02-02_11-17-17-908612748017444006191.jpg' title=\"\" data-rl_title=\"\" class=\"rl-gallery-link\" data-rl_caption=\"\" data-rel=\"lightbox-gallery-1\"><img loading=\"lazy\" decoding=\"async\" width=\"300\" height=\"200\" src=\"http:\/\/elvinalemauff.fr\/wp-content\/uploads\/2025\/02\/picsart_25-02-02_11-17-17-908612748017444006191-300x200.jpg\" class=\"attachment-medium size-medium\" alt=\"\" aria-describedby=\"gallery-1-141\" srcset=\"http:\/\/elvinalemauff.fr\/wp-content\/uploads\/2025\/02\/picsart_25-02-02_11-17-17-908612748017444006191-300x200.jpg 300w, http:\/\/elvinalemauff.fr\/wp-content\/uploads\/2025\/02\/picsart_25-02-02_11-17-17-908612748017444006191-1024x683.jpg 1024w, http:\/\/elvinalemauff.fr\/wp-content\/uploads\/2025\/02\/picsart_25-02-02_11-17-17-908612748017444006191-768x512.jpg 768w, http:\/\/elvinalemauff.fr\/wp-content\/uploads\/2025\/02\/picsart_25-02-02_11-17-17-908612748017444006191-1536x1025.jpg 1536w, http:\/\/elvinalemauff.fr\/wp-content\/uploads\/2025\/02\/picsart_25-02-02_11-17-17-908612748017444006191.jpg 2000w\" sizes=\"(max-width: 300px) 100vw, 300px\" \/><\/a>\n\t\t\t<\/div>\n\t\t\t\t<figcaption class='wp-caption-text gallery-caption' id='gallery-1-141'>\n\t\t\t\tPont de Saint-Nazaire\n\t\t\t\t<\/figcaption><\/figure>\n\t\t<\/div>\n\t\t<\/div>\n\t\t\t\t\t\t<\/div>\n\t\t\t\t<\/div>\n\t\t\t\t\t<\/div>\n\t\t\t\t<\/div>\n\t\t\t\t<\/div>\n\t\t","protected":false},"excerpt":{"rendered":"<p>Ch\u00e2teau de Chambord Stavkirke de Heddal Sacr\u00e9-c\u0153ur Gizeh Pont de Saint-Nazaire Pont de Saint-Nazaire<\/p>\n","protected":false},"author":1,"featured_media":0,"parent":0,"menu_order":0,"comment_status":"closed","ping_status":"closed","template":"","meta":{"footnotes":""},"class_list":["post-537","page","type-page","status-publish","hentry"],"featured_image_src":"","featured_image_src_square":"","_links":{"self":[{"href":"http:\/\/elvinalemauff.fr\/index.php\/wp-json\/wp\/v2\/pages\/537","targetHints":{"allow":["GET"]}}],"collection":[{"href":"http:\/\/elvinalemauff.fr\/index.php\/wp-json\/wp\/v2\/pages"}],"about":[{"href":"http:\/\/elvinalemauff.fr\/index.php\/wp-json\/wp\/v2\/types\/page"}],"author":[{"embeddable":true,"href":"http:\/\/elvinalemauff.fr\/index.php\/wp-json\/wp\/v2\/users\/1"}],"replies":[{"embeddable":true,"href":"http:\/\/elvinalemauff.fr\/index.php\/wp-json\/wp\/v2\/comments?post=537"}],"version-history":[{"count":34,"href":"http:\/\/elvinalemauff.fr\/index.php\/wp-json\/wp\/v2\/pages\/537\/revisions"}],"predecessor-version":[{"id":2542,"href":"http:\/\/elvinalemauff.fr\/index.php\/wp-json\/wp\/v2\/pages\/537\/revisions\/2542"}],"wp:attachment":[{"href":"http:\/\/elvinalemauff.fr\/index.php\/wp-json\/wp\/v2\/media?parent=537"}],"curies":[{"name":"wp","href":"https:\/\/api.w.org\/{rel}","templated":true}]}}